{"id":2041,"date":"2024-01-29T15:01:59","date_gmt":"2024-01-29T14:01:59","guid":{"rendered":"https:\/\/upup.berlin\/?page_id=2041"},"modified":"2024-02-12T16:34:50","modified_gmt":"2024-02-12T15:34:50","slug":"datenschutz","status":"publish","type":"page","link":"https:\/\/upup.berlin\/en\/datenschutz\/","title":{"rendered":"Datenschutz"},"content":{"rendered":"\n<h1 class=\"wp-block-heading\"><strong>Datenschutzerkl\u00e4rung<\/strong><\/h1>\n\n\n\n<p id=\"yui_3_17_2_1_1706536873244_120\">Der Schutz Ihrer personenbezogenen Daten bei Ihrem Besuch auf unserer Homepage ist uns ein sehr ernstes Anliegen. Alle Angaben zu Ihrer Person, wie Name, Adresse, Telefonnummer, E-Mail-Adresse, Kontonummer usw. sowie alle Informationen, welche auf Sie zur\u00fcckgef\u00fchrt werden k\u00f6nnen, werden als personenbezogene Daten bezeichnet. Dies beinhaltet auch die IP-Adresse, die durch Ihren Besuch einer Website automatisch \u00fcbermittelt wird. Das ist technisch zwingend erforderlich.<\/p>\n\n\n\n<p>Wir m\u00f6chten, dass Sie wissen, ob und wann wir welche Daten erheben und wie wir sie verwenden. Wir haben technische und organisatorische Ma\u00dfnahmen getroffen, die sicherstellen, dass die Vorschriften \u00fcber den Datenschutz sowohl von uns als auch von m\u00f6glichen externen Dienstleistern beachtet werden. Dabei wird insbesondere auch die seit dem 25.05.2018 umzusetzende Datenschutzgrundverordnung (DSGVO) der Europ\u00e4ischen Union (EU) von uns ber\u00fccksichtigt.<\/p>\n\n\n\n<p>Nachfolgend finden Sie Informationen, welche Daten w\u00e4hrend Ihres Besuchs auf der Homepage erfasst und wie diese genutzt werden.<\/p>\n\n\n\n<p>Wenn Sie Ihre Rechte (siehe nachfolgend) geltend machen wollen, wenden Sie sich bitte an uns als Verantwortlichen f\u00fcr die Datenverarbeitung auf dieser Website. Sie erreichen uns per E-Mail unter <a href=\"mailto:kontakt@upup.berlin\">kontakt@upup.berlin<\/a> oder postalisch \u00fcber die im <a href=\"https:\/\/sanierungsprofi.de\/impressum\">Impressum<\/a> genannte Postanschrift zu H\u00e4nden des Datenschutz-Managers.<\/p>\n\n\n\n<p><strong>Rechtsgrundlagen<\/strong><\/p>\n\n\n\n<p>Personenbezogene Daten d\u00fcrfen nur \u201everarbeitet\u201c werden, wenn hierzu eine g\u00fcltige Rechtsgrundlage vorliegt. Die Verarbeitung ist dabei an einen konkreten Zweck gebunden. Personenbezogene Daten, die wir \u00fcber diese Website von Ihnen erheben k\u00f6nnen, verarbeiten wir auf Basis der nachfolgenden Rechtsgrundlagen:<\/p>\n\n\n\n<p><strong>Interessensabw\u00e4gung gem\u00e4\u00df Art. 6 Abs. 1 lit. f DSGVO<\/strong><\/p>\n\n\n\n<p>Beim m\u00f6glichen Einsatz von Werkzeugen, welche das Ziel haben, unsere Website kundenfreundlicher, effizienter und sicherer zu machen, kann dies im Rahmen einer Interessensabw\u00e4gung geschehen, da hierbei nicht die Profilbildung von Nutzerverhalten durchgef\u00fchrt wird und die IP-Adresse des Besuchers nur kurzfristig nicht-anonymisiert gespeichert wird.<\/p>\n\n\n\n<p>Informationen, welche Sie uns zum Zwecke einer m\u00f6glichen oder bestehenden Gesch\u00e4ftsbeziehung (B2B-Beziehung) mitteilen, verarbeiten wir ebenfalls im Rahmen der Interessensabw\u00e4gung.<\/p>\n\n\n\n<p><strong>Vertragsbeziehung gem\u00e4\u00df Art. 6 Abs. 1 lit. b DSGVO<\/strong><\/p>\n\n\n\n<p>Wenn Sie als Privatperson uns ihre personenbezogenen Informationen mitteilen (z.B. im Rahmen einer Produktanfrage), verarbeiten wir diese Daten im Rahmen einer Vertragsanbahnung oder zur Abwicklung der Vertragsbeziehung.<\/p>\n\n\n\n<p><strong>Gesetzliche Vorgabe gem\u00e4\u00df Art. 6 Abs. 1 lit. c DSGVO&nbsp;<\/strong><\/p>\n\n\n\n<p>Soweit wir gesetzlichen Vorgaben unterliegen, zu deren Einhaltung wir Ihre personenbezogenen Daten verwenden m\u00fcssen, geschieht dies im Rahmen dieser Rechtsgrundlage.<\/p>\n\n\n\n<p><strong>Einwilligung gem\u00e4\u00df Art. 6 Abs. 1 lit. a DSGVO&nbsp;<\/strong><\/p>\n\n\n\n<p>In seltenen F\u00e4llen kann es m\u00f6glich werden, dass wir von Ihnen \u00fcbermittelte personenbezogene Daten f\u00fcr einen anderen Zweck verwenden m\u00f6chten, als dies vorgesehen war. Falls das eintreten sollte und keine andere Rechtsgrundlage vorliegt, ben\u00f6tigen wir hierf\u00fcr Ihre freiwillige \u2013 jederzeit f\u00fcr die Zukunft widerrufbare \u2013 Einwilligung, um die wir Sie dann gesondert bitten werden.<\/p>\n\n\n\n<p><strong>Webseiten-Zugriff<\/strong><\/p>\n\n\n\n<p>Wenn Sie unsere Website besuchen, werden Ihre IP-Adresse und weitere Informationen automatisch \u00fcbermittelt. Wir selbst speichern diese Daten nicht. Zur technischen Bereitstellung der Website ben\u00f6tigt jedoch unser Dienstleister diese Informationen. Er protokolliert automatisch jeden Zugriff auf unsere Homepage sowie jeden m\u00f6glichen Abruf einer auf der Homepage hinterlegten Datei.<\/p>\n\n\n\n<p>Protokolliert werden: Name der abgerufenen Datei, Datum und Uhrzeit des Abrufs, \u00fcbertragene Datenmenge, Meldung \u00fcber erfolgreichen Abruf und Webbrowser. Nicht gespeichert wird die IP-Adresse des Rechners, von dem die Anfrage abgeschickt wurde. Personenbezogene Nutzerprofile k\u00f6nnen daher nicht gebildet werden.<\/p>\n\n\n\n<p>Die Speicherung dient internen systembezogenen Zwecken, im Wesentlichen zur Sicherheit der Verf\u00fcgbarkeit unserer Website, u.a. im Einklang mit \u00a7 100 TKG und \u00a7 12 TTDSG (St\u00f6rung und Missbrauch von TK-Anlagen). Die Protokolldaten werden nach einem angemessenen Zeitraum (maximal 10 Wochen) wieder gel\u00f6scht. Die Verarbeitung in unserer Verantwortung erfolgt im Rahmen von Art. 6 Abs. 1 lit. f DSGVO.<\/p>\n\n\n\n<p>Bitte beachten Sie, dass Telekommunikationsdienstleister rechtlich dazu verpflichtet sind, innerhalb eines angemessenen Rahmens Verbindungsdaten zu speichern (Art. 6 Abs. 1 lit. c DSGVO).<\/p>\n\n\n\n<p>Soweit wir die \u00fcbermittelte IP-Adresse f\u00fcr weitere Zwecke nutzen wollen, wird dies nachfolgend n\u00e4her erl\u00e4utert.<\/p>\n\n\n\n<p><strong>Informationspflichten nach Art. 13 DSGVO<\/strong><\/p>\n\n\n\n<p>Mit der Datenschutzgrundverordnung sind wir verpflichtet, bei jeder Erhebung von personenbezogenen Daten, die direkt bei der betroffenen Person erfolgt, entsprechende Informationen bereitzustellen. Im Rahmen unserer Website erheben wir personenbezogene Daten von Ihnen und m\u00f6chten Sie deshalb entsprechend informieren. Diese Erhebung liegt vor, wenn wir beispielsweise<\/p>\n\n\n\n<ul class=\"wp-block-list\">\n<li>Ihre IP-Adresse zur technischen Bereitstellung der Website erheben,<\/li>\n\n\n\n<li>ein Tracking-Werkzeug einsetzen, welches die IP-Adresse nutzt,<\/li>\n\n\n\n<li>Ihre Eingaben in einem Kontaktmodul zur Kommunikation mit uns entgegennehmen.<\/li>\n<\/ul>\n\n\n\n<p>Grunds\u00e4tzliche Vorgehensweise:<\/p>\n\n\n\n<p>Soweit Sie uns personenbezogene Daten zur Verf\u00fcgung gestellt haben, verwenden wir diese nur zur Beantwortung Ihrer Anfragen und f\u00fcr die technische Administration. Ausnahme bildet die anonymisierte IP-Adresse zur statistischen Auswertung.<\/p>\n\n\n\n<p>Ihre personenbezogenen Daten werden an Dritte nur weitergegeben oder sonst \u00fcbermittelt, wenn dies zum Zwecke der Vertragsabwicklung \u2013 insbesondere Weitergabe von Bestelldaten an Lieferanten \u2013 erforderlich ist, dies zu Abrechnungszwecken erforderlich ist, wir gesetzlich dazu verpflichtet sind, im Rahmen einer Auftragsverarbeitung durch Unter-Auftragnehmer oder Sie zuvor eingewilligt haben. Sie haben das Recht, eine erteilte Einwilligung mit Wirkung f\u00fcr die Zukunft jederzeit zu widerrufen.<\/p>\n\n\n\n<p>Die L\u00f6schung der gespeicherten personenbezogenen Daten erfolgt, wenn Sie Ihre Einwilligung zur Speicherung widerrufen, wenn ihre Kenntnis zur Erf\u00fcllung des mit der Speicherung verfolgten Zwecks nicht mehr erforderlich ist, sprich der Vorgang abgewickelt ist und dem keine gesetzlichen L\u00f6schfristen entgegenstehen, oder wenn ihre Speicherung aus sonstigen gesetzlichen Gr\u00fcnden unzul\u00e4ssig ist. Sollten die Daten aus technischen Gr\u00fcnden nicht gel\u00f6scht werden k\u00f6nnen, werden wir sie anonymisieren, damit ein Personenbezug zuk\u00fcnftig nicht mehr hergestellt werden kann.<\/p>\n\n\n\n<p>Es erfolgen alle Erhebungen bzw. Verarbeitungen dieser Website in der Verantwortung unseres Unternehmens.<\/p>\n\n\n\n<p>Erg\u00e4nzende detaillierte Angaben finden Sie bei den nachfolgenden Punkten.&nbsp;<\/p>\n\n\n\n<p><strong>Kontaktformulare<\/strong><\/p>\n\n\n\n<p>Bei Kontaktaufnahme \u00fcber unsere Webseite erheben wir mit unseren Formularen je nach Art der Anfrage verschiedene personenbezogene Daten von Ihnen. Einige Felder sind Pflichtfelder, welche wir f\u00fcr eine sinnvolle Abwicklung Ihres Anliegens ben\u00f6tigen \u2013 andere Angaben sind freiwillig. Wir \u00fcbermitteln Ihre Anfrage ohne Zwischenspeicherung \u00fcber einen verschl\u00fcsselten Weg an unser internes System.<\/p>\n\n\n\n<p>Wir nutzen diese Informationen ausschlie\u00dflich zur Abwicklung Ihrer Anfrage. Hierzu ist oben beschriebener Prozess f\u00fcr uns erforderlich. Soweit es zur Abwicklung erforderlich sein sollte, binden wir unter Ber\u00fccksichtigung der geltenden rechtlichen Vorschriften (z.B. im Rahmen einer Auftragsverarbeitung) weitere Stellen zur Bearbeitung Ihres ein. Falls Ihre Angaben zum Zweck oder im Rahmen einer Gesch\u00e4ftsbeziehung mit uns \u00fcbermittelt wurden, speichern wir Ihre Kontaktdaten hierzu in unseren internen Systemen. Ihr eigentliches Anliegen kann ebenfalls in internen Systemen (z.B. Ticketsystem, E-Mail-System) gehalten werden, um den Prozess der internen Bearbeitung zu erm\u00f6glichen.<\/p>\n\n\n\n<p>Da wir von einer unbefristeten gesch\u00e4ftlichen Zusammenarbeit ausgehen, l\u00f6schen bzw. anonymisieren wir Ihre Daten nur auf Anfrage (siehe Ihr Recht auf L\u00f6schung sp\u00e4ter) oder wenn der Zweck f\u00fcr die Datenspeicherung entf\u00e4llt, soweit keine rechtlichen Aufbewahrungsfristen oder L\u00f6schfristen dem entgegenstehen.<\/p>\n\n\n\n<p>Rechtsgrundlage f\u00fcr die Verarbeitung ist bei Privatpersonen Art. 6 Abs. 1 lit. b DSGVO zur Anbahnung oder Durchf\u00fchrung einer Vertragsbeziehung, ansonsten erfolgt die Verarbeitung im Rahmen der Interessensabw\u00e4gung nach Art. 6 Abs. 1 lit. f DSGVO, weil wir nat\u00fcrlich ein berechtigtes Interesse haben, Sie langfristig gut betreuen zu k\u00f6nnen.<\/p>\n\n\n\n<p><strong>Online-Bewerbung<\/strong><\/p>\n\n\n\n<p><strong>Bewerbungsformular<\/strong><\/p>\n\n\n\n<p>Sie k\u00f6nnen sich bei uns Online bewerben und wir greifen auf diese Daten zu, um eine Entscheidung im Bewerbungsprozess vornehmen zu k\u00f6nnen.<\/p>\n\n\n\n<p>Im Zuge Ihrer Online-Bewerbung werden von uns pers\u00f6nliche Daten von Ihnen erhoben. Dies sind:<\/p>\n\n\n\n<ul class=\"wp-block-list\">\n<li>Pflichtfelder: Wir ben\u00f6tigen diese mit einem Stern gekennzeichneten Felder, um Ihre Bewerbung bearbeiten zu k\u00f6nnen.<\/li>\n\n\n\n<li>Freiwillige Angaben: Sie k\u00f6nnen uns durch diese weiteren Informationen bei der Bearbeitung unterst\u00fctzen.<\/li>\n\n\n\n<li>Anh\u00e4nge: Bitte laden Sie Ihre aussagekr\u00e4ftigen Unterlagen wie Anschreiben, Lebenslauf, Zeugnisse etc. hoch.<\/li>\n<\/ul>\n\n\n\n<p>Alle Informationen, die Sie uns \u00fcber diesen Weg mitteilen, werden verschl\u00fcsselt an einen Server \u00fcbertragen, auf den wir zur Bearbeitung gesichert zugreifen werden.<\/p>\n\n\n\n<p>Wir verwenden Ihre Daten ausschlie\u00dflich f\u00fcr den vorgesehenen Zweck (Bewerbung und Entscheidung) und geben diese nicht an Dritte weiter. Unsere Rechtsgrundlage zur Verarbeitung ist somit Art. 6 Abs. 1 lit. b DSGVO (Vertragsanbahnung).<\/p>\n\n\n\n<p>Falls es zu einer Besch\u00e4ftigung kommen sollte, werden wir die Daten f\u00fcr das Besch\u00e4ftigungsverh\u00e4ltnis nutzen und l\u00f6schen sie erst nach Wegfall der Rechtsgrundlagen. Falls kein Besch\u00e4ftigungsverh\u00e4ltnis zustande kommen sollte, l\u00f6schen wir Ihre Informationen unter Ber\u00fccksichtigung des AGG nach sp\u00e4testens 4 Monaten, falls nicht eine neue Rechtsgrundlage bestehen sollte. Diese L\u00f6schung erfolgt nicht, falls Sie einer l\u00e4ngeren Speicherung ausdr\u00fccklich zugestimmt haben.<\/p>\n\n\n\n<p><strong>Job-Alert<\/strong><\/p>\n\n\n\n<p>Falls Sie auf unserer Seite aktuell kein passendes Stellenangebot finden sollten, k\u00f6nnen Sie uns auch mitteilen, f\u00fcr welche Art von Job Sie sich interessieren. Dabei stellen wir Ihnen einige Eingabefelder zur Verf\u00fcgung, damit Sie dies besser qualifizieren k\u00f6nnen.<\/p>\n\n\n\n<p>Wenn Sie sich f\u00fcr unseren Job-Alert anmelden, k\u00f6nnen wir Sie zuk\u00fcnftig \u00fcber neue Stellenangebote per E-Mail informieren, welche Ihren Suchvorgaben weitestgehend entsprechen.<\/p>\n\n\n\n<p>Ihre E-Mail-Adresse wird nur f\u00fcr diesen Service verwendet und wird nicht an Dritte weitergegeben. Zur Best\u00e4tigung der Anmeldung f\u00fcr diesen Service erhalten Sie einen Aktivierungslink an die angegebene E-Mail-Adresse. Durch Aktivieren dieses Links erteilen Sie Ihre Einwilligung zum Job-Alert (\u201eDouble-Opt-In-Verfahren\u201c).<\/p>\n\n\n\n<p>Rechtsgrundlage f\u00fcr die Zusendung von Job-Alert-E-Mails ist Art. 6 Abs. 1 lit. a DSGVO (\u201eEinwilligung\u201c).<\/p>\n\n\n\n<p>Den Job-Alert k\u00f6nnen Sie jederzeit mit nur einem Klick in der E-Mail abbestellen.<\/p>\n\n\n\n<p><strong>Cookies<\/strong><\/p>\n\n\n\n<p>Cookies sind kleine Textdateien, die zu unterschiedlichen Zwecken auf Ihrem Rechner abgelegt werden k\u00f6nnen. Cookies k\u00f6nnen diverse Funktionen haben. So erm\u00f6glichen einige Cookies beispielsweise dem Nutzer eine komfortablere Nutzung der Website, andere protokollieren Benutzerverhalten oder helfen bei der Identifizierung von Nutzern, wenn diese erneut eine Website besuchen.<\/p>\n\n\n\n<p>Beim Aufruf unserer Website werden im Zwischenspeicher Ihres Browsers \u201eCookies\u201c gespeichert. Diese sind:<\/p>\n\n\n\n<p>sid (technisch notwendiges Cookie)<br>Session-Cookie f\u00fcr den Karriere-Bereich (Stellenangebote). Technisch notwendiges Cookie zur Vermeidung von Mehrfachbewerbungen auf eine Stellenausschreibung &#8211; hierzu werden ger\u00e4tebezogene Daten verarbeitet. Speicherdauer: eine Stunde<\/p>\n\n\n\n<p id=\"yui_3_17_2_1_1706536873244_133\">fe_typo_user<br>Session-Cookie f\u00fcr das TYPO3-Benutzer-Management. Es werden keine personenbezogenen Daten verarbeitet.<br>Speicherdauer: Session<\/p>\n\n\n\n<p>MATOMO_SESSID<br>Dieses Cookie wird von dem Statistik-\/Analyse-Tool Matomo (ehemals Piwik) gesetzt. Es bietet die von Matomo bereitgestellte Funktion, Matomo zu deaktivieren bzw. zu aktivieren. Wenn der Nutzer sich f\u00fcr die Deaktivierung oder Aktivierung entscheidet, setzt Matomo weitere Cookies (mtm_consent, mtm_consent_removed, mtm_cookie_consent oder piwik_ignore ), um zu speichern, ob ein Tracking erfolgen soll.&nbsp;<br>Speicherdauer: Session<\/p>\n\n\n\n<p id=\"yui_3_17_2_1_1706536873244_131\">et_oi_v2&nbsp;(alte Variante:&nbsp;et_oi)<br>Opt-In Cookie speichert die Entscheidung des Besuchers, wenn auf der Seite des Kunden das Tracking Opt-In ausgespielt wird. Wird auch f\u00fcr ein eventuelles Opt-Out verwendet.<br>Speicherdauer je nach Option: &#8220;nein&#8221; &#8211; 50 Jahre, &#8220;ja&#8221; &#8211; 480 Tage<\/p>\n\n\n\n<p><strong>Webanalyse durch Matomo<\/strong><\/p>\n\n\n\n<p>Diese Webseite verwendet Google Analytics, um anonyme Nutzungsdaten f\u00fcr diese Webseite zu sammeln. Diese Daten werden auf eigenen Servern verarbeitet und bleiben somit in der Kontrolle der upup.berlin GmbH (keine Weitergabe an Dritte).<\/p>\n\n\n\n<p>Die Daten zum Verhalten der Besucher werden gesammelt um eventuelle Probleme wie nicht gefundene Seiten, Suchmaschinenprobleme oder unbeliebte Seiten herauszufinden. Sobald die Daten (Anzahl der Besucher die Fehlerseiten oder nur eine Seite sehen, usw.) verarbeitet werden, erzeugt Google Analytics Berichte f\u00fcr die upup.berlin GmbH, damit diese darauf reagieren kann (Layoutver\u00e4nderungen, neue Inhalte, usw.).<\/p>\n\n\n\n<p>Die Verarbeitung Ihrer Daten basiert auf dem berechtigten Interesse (Art. 6 Abs. 1 lit. f DSGVO) des Verantwortlichen.<\/p>\n\n\n\n<p id=\"yui_3_17_2_1_1706536873244_129\">Mit der Verarbeitung der Daten \u00fcberpr\u00fcfen wir die Funktionalit\u00e4t dieser Website. Diese Informationen geben beispielsweise Aufschluss dar\u00fcber, ob Inhalte und Angebotskampagnen gut ankommen oder wie die Struktur der Webseite genutzt wird. Unser Team profitiert davon und kann darauf reagieren, somit profitieren auch Sie von einer Webseite, die laufend besser wird.<\/p>\n\n\n\n<p>Ihre anonymisierten Daten werden ausschlie\u00dflich zum Verbessern der Webseitennutzung verwendet.<\/p>\n\n\n\n<p>Sie haben die M\u00f6glichkeit zu verhindern, dass von Ihnen hier get\u00e4tigte Aktionen analysiert und verkn\u00fcpft werden.<\/p>\n\n\n\n<p><strong>Links zu anderen Webseiten<\/strong><\/p>\n\n\n\n<p>Unsere Website enth\u00e4lt Links zu externen Websites von Dritten, auf deren Inhalte wir keinen Einfluss haben. Deshalb k\u00f6nnen wir f\u00fcr diese fremden Inhalte auch keine Gew\u00e4hr \u00fcbernehmen. Links sind unterschiedlich gekennzeichnet. Wenn Sie Ihre Maus auf einen Link (z.B. ein Icon) positionieren, wird dieser durch Ihren Browser meist unten links angezeigt.<\/p>\n\n\n\n<p>F\u00fcr die Inhalte der verlinkten Seiten ist stets der jeweilige Anbieter oder Betreiber der Seiten verantwortlich. Die verlinkten Seiten wurden zum Zeitpunkt der Verlinkung auf m\u00f6gliche Rechtsverst\u00f6\u00dfe \u00fcberpr\u00fcft. Rechtswidrige Inhalte waren zum Zeitpunkt der Verlinkung nicht erkennbar. Eine permanente inhaltliche Kontrolle der verlinkten Seiten ist jedoch ohne konkrete Anhaltspunkte einer Rechtsverletzung nicht zumutbar. Bei Bekanntwerden von Rechtsverletzungen werden wir derartige Links umgehend entfernen.<\/p>\n\n\n\n<p><strong>Ihre Rechte \u2013 Rechte der betroffenen Person nach DSGVO<\/strong><\/p>\n\n\n\n<p>Art. 12 \u2013 23 DSGVO regeln die Rechte der betroffenen Person, d.h. Ihre Rechte bez\u00fcglich des Umgangs mit Ihren personenbezogenen Daten. Diese sind uns gegen\u00fcber im Wesentlichen:<\/p>\n\n\n\n<ul class=\"wp-block-list\">\n<li>Recht auf Informationen sp\u00e4testens zum Zeitpunkt der Erhebung nach Art. 13 DSGVO, welchem wir durch diese Datenschutzerkl\u00e4rung nachkommen.<\/li>\n\n\n\n<li>Recht auf Auskunft nach Art. 15 DSGVO<\/li>\n\n\n\n<li>Recht auf L\u00f6schung nach Art. 17 DSGVO<\/li>\n\n\n\n<li>Recht auf Einschr\u00e4nkung der Verarbeitung nach Art. 18 DSGVO<\/li>\n\n\n\n<li>Widerspruchsrecht nach Art. 21 DSGVO<\/li>\n\n\n\n<li>Soweit anwendbar: Recht auf Daten\u00fcbertragbarkeit nach Art. 20 DSGVO<\/li>\n<\/ul>\n\n\n\n<p>Wir werden Sie im Einklang mit der DSGVO und weiterer Rechtsvorschriften darin unterst\u00fctzen, dass Sie Ihre Rechte geltend machen k\u00f6nnen.<\/p>\n\n\n\n<p>F\u00fcr Anfragen bez\u00fcglich der Aus\u00fcbung Ihrer Rechte wenden Sie sich bitte an die im <a href=\"https:\/\/sanierungsprofi24.de\/impressum\" target=\"_blank\" rel=\"noreferrer noopener\">Impressum<\/a> angegebene Stelle. Bitte haben Sie Verst\u00e4ndnis, dass wir auch im Interesse der Rechte anderer Personen nur personenbezogene Ausk\u00fcnfte erteilen k\u00f6nnen, wenn Sie sich angemessen ausweisen k\u00f6nnen.<\/p>\n\n\n\n<p>Sie haben zudem ein Beschwerderecht bei einer Aufsichtsbeh\u00f6rde f\u00fcr den Datenschutz. Die zust\u00e4ndige Beh\u00f6rde ist i.d.R. der Landesdatenschutzbeauftragte des Bundeslandes, in dem unser Unternehmen sein Sitz hat \u2013 dies ist bei uns der Landesdatenschutzbeauftragte von Baden-W\u00fcrttemberg. Eine Liste der Aufsichtsbeh\u00f6rden sowie deren Kontaktdaten k\u00f6nnen Sie dem nachfolgenden Link entnehmen:<\/p>\n\n\n\n<p><a href=\"https:\/\/www.bfdi.bund.de\/DE\/Infothek\/Anschriften_Links\/anschriften_links-node.html\">https:\/\/www.bfdi.bund.de\/DE\/Infothek\/Anschriften_Links\/anschriften_links-node.html<\/a><\/p>\n\n\n\n<p><strong>Sicherheitshinweis:<\/strong><\/p>\n\n\n\n<p>Wir sind bem\u00fcht, Ihre personenbezogenen Daten durch Ergreifung aller technischen und organisatorischen M\u00f6glichkeiten so zu speichern, dass sie f\u00fcr Dritte nicht zug\u00e4nglich sind. Im Falle einer Kommunikation \u00fcber eine unverschl\u00fcsselte E-Mail kann die vollst\u00e4ndige Datensicherheit von uns nicht gew\u00e4hrleistet werden, so dass wir Ihnen bei vertraulichen Informationen einen verschl\u00fcsselten Weg oder den Postweg empfehlen.<\/p>\n\n\n\n<p><strong>SSL- bzw. TLS-Verschl\u00fcsselung<\/strong><\/p>\n\n\n\n<p>Diese Seite nutzt aus Sicherheitsgr\u00fcnden und zum Schutz der \u00dcbertragung vertraulicher Inhalte, wie zum Beispiel Bestellungen oder Anfragen, die Sie an uns als Seitenbetreiber senden, eine SSL- bzw. TLS-Verschl\u00fcsselung. Eine verschl\u00fcsselte Verbindung erkennen Sie daran, dass die Adresszeile des Browsers von http:\/\/ auf https:\/\/ wechselt und an dem Schloss-Symbol in der Browserzeile.<\/p>\n\n\n\n<p>Wenn die SSL- bzw. TLS-Verschl\u00fcsselung aktiviert ist, k\u00f6nnen die Daten, die Sie an uns \u00fcbermitteln, nicht von Dritten mitgelesen werden.<\/p>\n","protected":false},"excerpt":{"rendered":"<p>Datenschutzerkl\u00e4rung Der Schutz Ihrer personenbezogenen Daten bei Ihrem Besuch auf unserer Homepage ist uns ein sehr ernstes Anliegen. Alle Angaben zu Ihrer Person, wie Name, Adresse, Telefonnummer, E-Mail-Adresse, Kontonummer usw. sowie alle Informationen, welche auf Sie zur\u00fcckgef\u00fchrt werden k\u00f6nnen, werden als personenbezogene Daten bezeichnet. Dies beinhaltet auch die IP-Adresse, die durch Ihren Besuch einer Website [&hellip;]<\/p>\n","protected":false},"author":1,"featured_media":0,"parent":0,"menu_order":8,"comment_status":"closed","ping_status":"closed","template":"","meta":{"_seopress_robots_primary_cat":"","_seopress_titles_title":"","_seopress_titles_desc":"","_seopress_robots_index":"","_editorskit_title_hidden":false,"_editorskit_reading_time":0,"_editorskit_is_block_options_detached":false,"_editorskit_block_options_position":"{}","iawp_total_views":5,"_vp_format_video_url":"","_vp_image_focal_point":[],"_vp_custom_popup_image":0,"_vp_format_audio_url":"","_vp_custom_thumbnail":0,"_vp_custom_thumbnail_focal_point":[],"_vp_hover_thumbnail":0,"_vp_hover_thumbnail_focal_point":[],"footnotes":""},"class_list":["post-2041","page","type-page","status-publish","hentry"],"_links":{"self":[{"href":"https:\/\/upup.berlin\/en\/wp-json\/wp\/v2\/pages\/2041","targetHints":{"allow":["GET"]}}],"collection":[{"href":"https:\/\/upup.berlin\/en\/wp-json\/wp\/v2\/pages"}],"about":[{"href":"https:\/\/upup.berlin\/en\/wp-json\/wp\/v2\/types\/page"}],"author":[{"embeddable":true,"href":"https:\/\/upup.berlin\/en\/wp-json\/wp\/v2\/users\/1"}],"replies":[{"embeddable":true,"href":"https:\/\/upup.berlin\/en\/wp-json\/wp\/v2\/comments?post=2041"}],"version-history":[{"count":1,"href":"https:\/\/upup.berlin\/en\/wp-json\/wp\/v2\/pages\/2041\/revisions"}],"predecessor-version":[{"id":2042,"href":"https:\/\/upup.berlin\/en\/wp-json\/wp\/v2\/pages\/2041\/revisions\/2042"}],"wp:attachment":[{"href":"https:\/\/upup.berlin\/en\/wp-json\/wp\/v2\/media?parent=2041"}],"curies":[{"name":"wp","href":"https:\/\/api.w.org\/{rel}","templated":true}]}}